{"id":24,"date":"2023-07-26T23:45:51","date_gmt":"2023-07-26T21:45:51","guid":{"rendered":"https:\/\/avenir-goussainville.com\/?page_id=24"},"modified":"2024-05-26T20:22:15","modified_gmt":"2024-05-26T18:22:15","slug":"le-projet","status":"publish","type":"page","link":"https:\/\/avenir-goussainville.com\/?page_id=24","title":{"rendered":"Le projet"},"content":{"rendered":"\n<p>Depuis sa cr\u00e9ation en 2012, l&rsquo;association Avenir occupe les locaux de l&rsquo;association Essalam au 29 avenue Albert Sarrault \u00e0 Goussainville. Nous disposons de 4 salles de classes occup\u00e9es par presque 300 apprenants le mercredi et le samedi. <\/p>\n\n\n\n<p>Les besoins et les demandes d&rsquo;inscriptions de la communaut\u00e9s Goussainvilloise et ses alentours connaissent une forte croissance. En effet, les r\u00e9sultats sont visibles et le nombre d&rsquo;enfants ne cessent d&rsquo;augmenter d&rsquo;ann\u00e9e en ann\u00e9e. Les 4 salles de classes ne suffisent plus&#8230;<\/p>\n\n\n\n<p>De ce fait, les associations&nbsp;<strong>ESSALAM et AVENIR&nbsp;<\/strong>se sont associ\u00e9es afin de construire un centre cultuel et \u00e9ducatif pour permettre \u00e0 nos jeunes de s&rsquo;\u00e9panouir dans leur apprentissage et de disposer des meilleures conditions afin de favoriser leur r\u00e9ussite.<\/p>\n\n\n\n<p>Pour r\u00e9aliser ce projet, un terrain d\u2019une superficie de 5083m2 a \u00e9t\u00e9 acquis rue des dames au quartier des demoiselles.<\/p>\n\n\n\n<p>Le futur centre en cours de r\u00e9alisation comportera 15 salles de classe, une salle informatique, une biblioth\u00e8que et diff\u00e9rents espaces culturels qui faciliteront l&rsquo;apprentissage et l&rsquo;\u00e9panouissement des enfants.<\/p>\n\n\n\n<p>Nous sommes entr\u00e9s depuis quelques mois dans la phase de finalisation des travaux avec les lots d\u00e9corations int\u00e9rieurs et am\u00e9nagements ext\u00e9rieurs.<\/p>\n\n\n\n<figure class=\"wp-block-gallery has-nested-images columns-default is-cropped wp-block-gallery-1 is-layout-flex wp-block-gallery-is-layout-flex\">\n<figure class=\"wp-block-image size-large\"><img loading=\"lazy\" decoding=\"async\" width=\"1024\" height=\"612\" data-id=\"264\" src=\"https:\/\/avenir-goussainville.com\/wp-content\/uploads\/2024\/05\/WhatsApp-Image-2024-03-19-at-22.59.42-1024x612.jpeg\" alt=\"\" class=\"wp-image-264\" srcset=\"https:\/\/avenir-goussainville.com\/wp-content\/uploads\/2024\/05\/WhatsApp-Image-2024-03-19-at-22.59.42-1024x612.jpeg 1024w, https:\/\/avenir-goussainville.com\/wp-content\/uploads\/2024\/05\/WhatsApp-Image-2024-03-19-at-22.59.42-300x179.jpeg 300w, https:\/\/avenir-goussainville.com\/wp-content\/uploads\/2024\/05\/WhatsApp-Image-2024-03-19-at-22.59.42-768x459.jpeg 768w, https:\/\/avenir-goussainville.com\/wp-content\/uploads\/2024\/05\/WhatsApp-Image-2024-03-19-at-22.59.42-1536x919.jpeg 1536w, https:\/\/avenir-goussainville.com\/wp-content\/uploads\/2024\/05\/WhatsApp-Image-2024-03-19-at-22.59.42.jpeg 1600w\" sizes=\"auto, (max-width: 1024px) 100vw, 1024px\" \/><\/figure>\n\n\n\n\n\n\n\n\n\n\n\n\n\n\n\n\n\n\n\n\n<\/figure>\n","protected":false},"excerpt":{"rendered":"<p>Depuis sa cr\u00e9ation en 2012, l&rsquo;association Avenir occupe les locaux de l&rsquo;association Essalam au 29 avenue Albert Sarrault \u00e0 Goussainville. Nous disposons de 4 salles de classes occup\u00e9es par presque 300 apprenants le mercredi et le samedi. Les besoins et les demandes d&rsquo;inscriptions de la communaut\u00e9s Goussainvilloise et ses alentours connaissent une forte croissance. En [&hellip;]<\/p>\n","protected":false},"author":1,"featured_media":0,"parent":0,"menu_order":0,"comment_status":"closed","ping_status":"closed","template":"","meta":{"footnotes":""},"class_list":["post-24","page","type-page","status-publish","hentry"],"yoast_head":"<!-- This site is optimized with the Yoast SEO plugin v21.0 - https:\/\/yoast.com\/wordpress\/plugins\/seo\/ -->\n<title>Le projet - ASSOCIATION CULTURELLE AVENIR DE GOUSSAINVILLE<\/title>\n<meta name=\"robots\" content=\"index, follow, max-snippet:-1, max-image-preview:large, max-video-preview:-1\" \/>\n<link rel=\"canonical\" href=\"https:\/\/avenir-goussainville.com\/?page_id=24\" \/>\n<meta property=\"og:locale\" content=\"fr_FR\" \/>\n<meta property=\"og:type\" content=\"article\" \/>\n<meta property=\"og:title\" content=\"Le projet - ASSOCIATION CULTURELLE AVENIR DE GOUSSAINVILLE\" \/>\n<meta property=\"og:description\" content=\"Depuis sa cr\u00e9ation en 2012, l&rsquo;association Avenir occupe les locaux de l&rsquo;association Essalam au 29 avenue Albert Sarrault \u00e0 Goussainville. Nous disposons de 4 salles de classes occup\u00e9es par presque 300 apprenants le mercredi et le samedi. Les besoins et les demandes d&rsquo;inscriptions de la communaut\u00e9s Goussainvilloise et ses alentours connaissent une forte croissance. En [&hellip;]\" \/>\n<meta property=\"og:url\" content=\"https:\/\/avenir-goussainville.com\/?page_id=24\" \/>\n<meta property=\"og:site_name\" content=\"ASSOCIATION CULTURELLE AVENIR DE GOUSSAINVILLE\" \/>\n<meta property=\"article:modified_time\" content=\"2024-05-26T18:22:15+00:00\" \/>\n<meta property=\"og:image\" content=\"https:\/\/avenir-goussainville.com\/wp-content\/uploads\/2024\/05\/WhatsApp-Image-2024-03-19-at-22.59.42-1024x612.jpeg\" \/>\n<meta name=\"twitter:card\" content=\"summary_large_image\" \/>\n<meta name=\"twitter:label1\" content=\"Dur\u00e9e de lecture estim\u00e9e\" \/>\n\t<meta name=\"twitter:data1\" content=\"4 minutes\" \/>\n<script type=\"application\/ld+json\" class=\"yoast-schema-graph\">{\"@context\":\"https:\/\/schema.org\",\"@graph\":[{\"@type\":\"WebPage\",\"@id\":\"https:\/\/avenir-goussainville.com\/?page_id=24\",\"url\":\"https:\/\/avenir-goussainville.com\/?page_id=24\",\"name\":\"Le projet - ASSOCIATION CULTURELLE AVENIR DE GOUSSAINVILLE\",\"isPartOf\":{\"@id\":\"https:\/\/avenir-goussainville.com\/#website\"},\"datePublished\":\"2023-07-26T21:45:51+00:00\",\"dateModified\":\"2024-05-26T18:22:15+00:00\",\"breadcrumb\":{\"@id\":\"https:\/\/avenir-goussainville.com\/?page_id=24#breadcrumb\"},\"inLanguage\":\"fr-FR\",\"potentialAction\":[{\"@type\":\"ReadAction\",\"target\":[\"https:\/\/avenir-goussainville.com\/?page_id=24\"]}]},{\"@type\":\"BreadcrumbList\",\"@id\":\"https:\/\/avenir-goussainville.com\/?page_id=24#breadcrumb\",\"itemListElement\":[{\"@type\":\"ListItem\",\"position\":1,\"name\":\"Accueil\",\"item\":\"https:\/\/avenir-goussainville.com\/\"},{\"@type\":\"ListItem\",\"position\":2,\"name\":\"Le projet\"}]},{\"@type\":\"WebSite\",\"@id\":\"https:\/\/avenir-goussainville.com\/#website\",\"url\":\"https:\/\/avenir-goussainville.com\/\",\"name\":\"ASSOCIATION CULTURELLE AVENIR DE GOUSSAINVILLE\",\"description\":\"\",\"publisher\":{\"@id\":\"https:\/\/avenir-goussainville.com\/#organization\"},\"potentialAction\":[{\"@type\":\"SearchAction\",\"target\":{\"@type\":\"EntryPoint\",\"urlTemplate\":\"https:\/\/avenir-goussainville.com\/?s={search_term_string}\"},\"query-input\":\"required name=search_term_string\"}],\"inLanguage\":\"fr-FR\"},{\"@type\":\"Organization\",\"@id\":\"https:\/\/avenir-goussainville.com\/#organization\",\"name\":\"ASSOCIATION CULTURELLE AVENIR DE GOUSSAINVILLE\",\"url\":\"https:\/\/avenir-goussainville.com\/\",\"logo\":{\"@type\":\"ImageObject\",\"inLanguage\":\"fr-FR\",\"@id\":\"https:\/\/avenir-goussainville.com\/#\/schema\/logo\/image\/\",\"url\":\"https:\/\/avenir-goussainville.com\/wp-content\/uploads\/2023\/07\/cropped-cropped-Logo_AVENIR_568x407-1.png\",\"contentUrl\":\"https:\/\/avenir-goussainville.com\/wp-content\/uploads\/2023\/07\/cropped-cropped-Logo_AVENIR_568x407-1.png\",\"width\":407,\"height\":407,\"caption\":\"ASSOCIATION CULTURELLE AVENIR DE GOUSSAINVILLE\"},\"image\":{\"@id\":\"https:\/\/avenir-goussainville.com\/#\/schema\/logo\/image\/\"}}]}<\/script>\n<!-- \/ Yoast SEO plugin. -->","yoast_head_json":{"title":"Le projet - ASSOCIATION CULTURELLE AVENIR DE GOUSSAINVILLE","robots":{"index":"index","follow":"follow","max-snippet":"max-snippet:-1","max-image-preview":"max-image-preview:large","max-video-preview":"max-video-preview:-1"},"canonical":"https:\/\/avenir-goussainville.com\/?page_id=24","og_locale":"fr_FR","og_type":"article","og_title":"Le projet - ASSOCIATION CULTURELLE AVENIR DE GOUSSAINVILLE","og_description":"Depuis sa cr\u00e9ation en 2012, l&rsquo;association Avenir occupe les locaux de l&rsquo;association Essalam au 29 avenue Albert Sarrault \u00e0 Goussainville. Nous disposons de 4 salles de classes occup\u00e9es par presque 300 apprenants le mercredi et le samedi. Les besoins et les demandes d&rsquo;inscriptions de la communaut\u00e9s Goussainvilloise et ses alentours connaissent une forte croissance. En [&hellip;]","og_url":"https:\/\/avenir-goussainville.com\/?page_id=24","og_site_name":"ASSOCIATION CULTURELLE AVENIR DE GOUSSAINVILLE","article_modified_time":"2024-05-26T18:22:15+00:00","og_image":[{"url":"https:\/\/avenir-goussainville.com\/wp-content\/uploads\/2024\/05\/WhatsApp-Image-2024-03-19-at-22.59.42-1024x612.jpeg"}],"twitter_card":"summary_large_image","twitter_misc":{"Dur\u00e9e de lecture estim\u00e9e":"4 minutes"},"schema":{"@context":"https:\/\/schema.org","@graph":[{"@type":"WebPage","@id":"https:\/\/avenir-goussainville.com\/?page_id=24","url":"https:\/\/avenir-goussainville.com\/?page_id=24","name":"Le projet - ASSOCIATION CULTURELLE AVENIR DE GOUSSAINVILLE","isPartOf":{"@id":"https:\/\/avenir-goussainville.com\/#website"},"datePublished":"2023-07-26T21:45:51+00:00","dateModified":"2024-05-26T18:22:15+00:00","breadcrumb":{"@id":"https:\/\/avenir-goussainville.com\/?page_id=24#breadcrumb"},"inLanguage":"fr-FR","potentialAction":[{"@type":"ReadAction","target":["https:\/\/avenir-goussainville.com\/?page_id=24"]}]},{"@type":"BreadcrumbList","@id":"https:\/\/avenir-goussainville.com\/?page_id=24#breadcrumb","itemListElement":[{"@type":"ListItem","position":1,"name":"Accueil","item":"https:\/\/avenir-goussainville.com\/"},{"@type":"ListItem","position":2,"name":"Le projet"}]},{"@type":"WebSite","@id":"https:\/\/avenir-goussainville.com\/#website","url":"https:\/\/avenir-goussainville.com\/","name":"ASSOCIATION CULTURELLE AVENIR DE GOUSSAINVILLE","description":"","publisher":{"@id":"https:\/\/avenir-goussainville.com\/#organization"},"potentialAction":[{"@type":"SearchAction","target":{"@type":"EntryPoint","urlTemplate":"https:\/\/avenir-goussainville.com\/?s={search_term_string}"},"query-input":"required name=search_term_string"}],"inLanguage":"fr-FR"},{"@type":"Organization","@id":"https:\/\/avenir-goussainville.com\/#organization","name":"ASSOCIATION CULTURELLE AVENIR DE GOUSSAINVILLE","url":"https:\/\/avenir-goussainville.com\/","logo":{"@type":"ImageObject","inLanguage":"fr-FR","@id":"https:\/\/avenir-goussainville.com\/#\/schema\/logo\/image\/","url":"https:\/\/avenir-goussainville.com\/wp-content\/uploads\/2023\/07\/cropped-cropped-Logo_AVENIR_568x407-1.png","contentUrl":"https:\/\/avenir-goussainville.com\/wp-content\/uploads\/2023\/07\/cropped-cropped-Logo_AVENIR_568x407-1.png","width":407,"height":407,"caption":"ASSOCIATION CULTURELLE AVENIR DE GOUSSAINVILLE"},"image":{"@id":"https:\/\/avenir-goussainville.com\/#\/schema\/logo\/image\/"}}]}},"_links":{"self":[{"href":"https:\/\/avenir-goussainville.com\/index.php?rest_route=\/wp\/v2\/pages\/24","targetHints":{"allow":["GET"]}}],"collection":[{"href":"https:\/\/avenir-goussainville.com\/index.php?rest_route=\/wp\/v2\/pages"}],"about":[{"href":"https:\/\/avenir-goussainville.com\/index.php?rest_route=\/wp\/v2\/types\/page"}],"author":[{"embeddable":true,"href":"https:\/\/avenir-goussainville.com\/index.php?rest_route=\/wp\/v2\/users\/1"}],"replies":[{"embeddable":true,"href":"https:\/\/avenir-goussainville.com\/index.php?rest_route=%2Fwp%2Fv2%2Fcomments&post=24"}],"version-history":[{"count":5,"href":"https:\/\/avenir-goussainville.com\/index.php?rest_route=\/wp\/v2\/pages\/24\/revisions"}],"predecessor-version":[{"id":266,"href":"https:\/\/avenir-goussainville.com\/index.php?rest_route=\/wp\/v2\/pages\/24\/revisions\/266"}],"wp:attachment":[{"href":"https:\/\/avenir-goussainville.com\/index.php?rest_route=%2Fwp%2Fv2%2Fmedia&parent=24"}],"curies":[{"name":"wp","href":"https:\/\/api.w.org\/{rel}","templated":true}]}}